{"id":4,"date":"2016-05-16T11:39:12","date_gmt":"2016-05-16T09:39:12","guid":{"rendered":"http:\/\/www.mbfatimska.plock.opoka.org.pl\/?page_id=4"},"modified":"2020-04-01T14:38:16","modified_gmt":"2020-04-01T12:38:16","slug":"historia-parafii","status":"publish","type":"page","link":"http:\/\/www.mbfatimska.plock.opoka.org.pl\/index.php\/historia-parafii\/","title":{"rendered":"Historia parafii"},"content":{"rendered":"<div align=\"justify\">\n<p><i>W czasie wizyty Ojca \u015awi\u0119tego Jana Paw\u0142a II w P\u0142ocku &#8211; 7 czerwca 1991 roku zosta\u0142 przez Niego po\u015bwi\u0119cony kamie\u0144 w\u0119gielny pod budow\u0119 ko\u015bcio\u0142a na osiedlu &#8222;Mi\u0119dzytorze&#8221;. Dekret erekcyjny Biskupa P\u0142ockiego rozpocz\u0105\u0142 istnienie parafii Matki Bo\u017cej Fatimskiej w stolicy naszej diecezji. Od tego czasu na naszych oczach tworzy si\u0119 historia nowej wsp\u00f3lnoty parafialnej.<\/i><\/p>\n<p><img loading=\"lazy\" class=\"size-medium wp-image-22 aligncenter\" src=\"http:\/\/www.mbfatimska.plock.opoka.org.pl\/wp-content\/uploads\/2016\/05\/kamien-300x141.jpg\" alt=\"kamien\" width=\"300\" height=\"141\" srcset=\"http:\/\/www.mbfatimska.plock.opoka.org.pl\/wp-content\/uploads\/2016\/05\/kamien-300x141.jpg 300w, http:\/\/www.mbfatimska.plock.opoka.org.pl\/wp-content\/uploads\/2016\/05\/kamien.jpg 541w\" sizes=\"(max-width: 300px) 85vw, 300px\" \/><\/p>\n<p align=\"CENTER\"><b>DEKRET EREKCYJNY PARAFII P.W. MATKI BO\u017bEJ FATIMSKIEJ W P\u0141OCKU<\/b><\/p>\n<p>Ku chwale Boga Wszechmog\u0105cego, ku czci Matki Bo\u017cej Fatimskiej, maj\u0105c na uwadze dobra duchowe wiernych, rozporz\u0105dzam i og\u0142aszam:<\/p>\n<ol start=\"1\" type=\"1\">\n<li>Na podstawie kanonu 515 \u00a72 KPK eryguj\u0119 now\u0105 parafi\u0119 w P\u0142ocku i w\u0142\u0105czam j\u0105 do dekanatu p\u0142ockiego.<\/li>\n<li>Patronk\u0105 parafii og\u0142aszam Matk\u0119 Bo\u017c\u0105 Fatimsk\u0105.<\/li>\n<li>Nowa parafia powstaje z podzia\u0142u parafii \u015bw. Stanis\u0142awa Kostki oraz parafii \u015bw. J\u00f3zefa w P\u0142ocku i obejmuje teren wraz z ludno\u015bci\u0105 zamieszka\u0142\u0105 w obr\u0119bie ul. Otoli\u0144skiej, Granicznej, Wyszogrodzkiej, Wsp\u00f3lnej, Mane\u017cowej, Sp\u00f3\u0142dzielczej i Szopena.<\/li>\n<li>Przed now\u0105 parafi\u0105 stoi zadanie budowy ko\u015bcio\u0142a i budynk\u00f3w parafialnych. (&#8230;)<\/li>\n<\/ol>\n<\/div>\n<p align=\"RIGHT\">P\u0142ock, dnia 5 lipca 1991 r.<br \/>\nNr 1428\/91<br \/>\n+ Zygmunt Kami\u0144ski<br \/>\nBiskup P\u0142ocki<\/p>\n<p style=\"text-align: justify;\" align=\"RIGHT\"><a href=\"http:\/\/www.mbfatimska.plock.opoka.org.pl\/wp-content\/uploads\/2016\/05\/msza_plac1.jpg\" target=\"_blank\"  rel=\"lightbox[4] noopener\"><img loading=\"lazy\" class=\"aligncenter wp-image-84 size-medium\" src=\"http:\/\/www.mbfatimska.plock.opoka.org.pl\/wp-content\/uploads\/2016\/05\/msza_plac1-300x209.jpg\" alt=\"msza_plac1\" width=\"300\" height=\"209\" srcset=\"http:\/\/www.mbfatimska.plock.opoka.org.pl\/wp-content\/uploads\/2016\/05\/msza_plac1-300x209.jpg 300w, http:\/\/www.mbfatimska.plock.opoka.org.pl\/wp-content\/uploads\/2016\/05\/msza_plac1-768x534.jpg 768w, http:\/\/www.mbfatimska.plock.opoka.org.pl\/wp-content\/uploads\/2016\/05\/msza_plac1.jpg 851w\" sizes=\"(max-width: 300px) 85vw, 300px\" \/><\/a>Pierwsz\u0105 ofiar\u0119 Eucharystyczn\u0105 odprawi\u0142 przy prowizorycznym, polowym o\u0142tarzu 4 sierpnia 1991 r., towarzysz\u0105cy nam do dzi\u015b proboszcz ks. kan. Stanis\u0142aw G\u00f3rski. Pocz\u0105tki pracy w naszej parafii obfitowa\u0142y w trudno\u015bci. Przez kilka pierwszych miesi\u0119cy Msze \u015bwi\u0119te sprawowane by\u0142y w warunkach polowych.<\/p>\n<p style=\"text-align: justify;\" align=\"RIGHT\">Jesieni\u0105 1991 r. pobudowano prowizoryczn\u0105 drewnian\u0105 kaplic\u0119, w kt\u00f3rej do wiosny gromadzili\u015bmy si\u0119 na nabo\u017ce\u0144stwach. Na pocz\u0105tku grudnia 1991 roku by\u0142a odprawiona pierwsza Msza \u015aw. w wybudowanej, drewnianej kaplicy. By\u0142a rado\u015b\u0107. W\u00f3wczas te\u017c coraz wi\u0119cej ludzi zacz\u0119\u0142o si\u0119 gromadzi\u0107. Rekolekcje adwentowe przebiega\u0142y ju\u017c pod dachem. Zwi\u0119kszy\u0142a si\u0119 te\u017c ilo\u015b\u0107 odprawianych Mszy \u015aw.<\/p>\n<p style=\"text-align: justify;\" align=\"RIGHT\"><a href=\"http:\/\/www.mbfatimska.plock.opoka.org.pl\/wp-content\/uploads\/2016\/05\/kap_poz.jpg\" target=\"_blank\"  rel=\"lightbox[4] noopener\"><img loading=\"lazy\" class=\"wp-image-89 size-full aligncenter\" src=\"http:\/\/www.mbfatimska.plock.opoka.org.pl\/wp-content\/uploads\/2016\/05\/kap_poz.jpg\" alt=\"kap_poz\" width=\"900\" height=\"196\" srcset=\"http:\/\/www.mbfatimska.plock.opoka.org.pl\/wp-content\/uploads\/2016\/05\/kap_poz.jpg 900w, http:\/\/www.mbfatimska.plock.opoka.org.pl\/wp-content\/uploads\/2016\/05\/kap_poz-300x65.jpg 300w, http:\/\/www.mbfatimska.plock.opoka.org.pl\/wp-content\/uploads\/2016\/05\/kap_poz-768x167.jpg 768w\" sizes=\"(max-width: 709px) 85vw, (max-width: 909px) 67vw, (max-width: 1362px) 62vw, 840px\" \/><\/a>W maju 1992r. parafianie prze\u017cyli tragiczny moment. W noc poprzedzaj\u0105c\u0105 I Komuni\u0119 \u015bw. naszych dzieci, podpalono kaplic\u0119. Sp\u0142on\u0119\u0142a prawie doszcz\u0119tnie. Ci parafianie, kt\u00f3rzy z okien swoich dom\u00f3w dostrzegli po\u017car, przybyli, by jednoczy\u0107 si\u0119 tej nocy. By\u0142o wida\u0107 zaanga\u017cowanie wszystkich, aby mimo wszystko przygotowa\u0107 uroczysto\u015b\u0107 I Komunii \u015aw. Opr\u00f3cz tego widocznego zniszczenia by\u0142a te\u017c rado\u015b\u0107 tworzenia tego, co zacz\u0119\u0142o przynosi\u0107 owoce. Nast\u0105pi\u0142o &#8222;przebudzenie&#8221; cz\u0119\u015bci wiernych, tych, kt\u00f3rzy chcieli nowej parafii, ale do tej pory nie zabierali g\u0142osu. Teraz zacz\u0119li m\u00f3wi\u0107 i \u017cy\u0107 tym, aby parafia istnia\u0142a. Dzi\u0119ki ofiarno\u015bci i wsp\u00f3lnemu wysi\u0142kowi parafian i ksi\u0119\u017cy uroczysto\u015b\u0107 jednak nast\u0119pnego dnia odby\u0142a si\u0119.<\/p>\n<p style=\"text-align: justify;\"><a href=\"http:\/\/www.mbfatimska.plock.opoka.org.pl\/wp-content\/uploads\/2016\/05\/komuniaa.jpg\" target=\"_blank\"  rel=\"lightbox[4] noopener\"><img loading=\"lazy\" class=\"aligncenter wp-image-93 size-medium\" src=\"http:\/\/www.mbfatimska.plock.opoka.org.pl\/wp-content\/uploads\/2016\/05\/komuniaa-300x210.jpg\" alt=\"komuniaa\" width=\"300\" height=\"210\" srcset=\"http:\/\/www.mbfatimska.plock.opoka.org.pl\/wp-content\/uploads\/2016\/05\/komuniaa-300x210.jpg 300w, http:\/\/www.mbfatimska.plock.opoka.org.pl\/wp-content\/uploads\/2016\/05\/komuniaa-768x537.jpg 768w, http:\/\/www.mbfatimska.plock.opoka.org.pl\/wp-content\/uploads\/2016\/05\/komuniaa.jpg 878w\" sizes=\"(max-width: 300px) 85vw, 300px\" \/><\/a>W tym czasie te\u017c niekt\u00f3re czynniki lokalne i prasa, odnosi\u0142y si\u0119 nieprzychylnie do nowo powsta\u0142ej parafii. Drukowano i wyg\u0142aszano publicznie nieprawdziwe informacje. Jednak, mimo tych przeciwno\u015bci, dzi\u0119ki b\u0142ogos\u0142awie\u0144stwu Bo\u017cemu i Opiece Matki Naj\u015bwi\u0119tszej parafia nasza rozwija\u0142a si\u0119. W tym czasie toczy\u0142y si\u0119 rozmowy, by\u0142y spotkania, uzgodnienia dotycz\u0105ce podj\u0119cia decyzji o przekazanie w u\u017cytkowanie baraku i terenu z przeznaczeniem na kaplic\u0119 &#8211; z obecn\u0105 lokalizacj\u0105. Po przekazaniu terenu pod budow\u0119 kaplicy, przyst\u0105piono do pracy. W szybkim tempie d\u0105\u017cyli\u015bmy do wybudowania kaplicy przed kolejn\u0105 zim\u0105.<\/p>\n<p style=\"text-align: justify;\">1 listopada 1992r. zosta\u0142a odprawiona pierwsza Msza \u015awi\u0119ta w murowanej kaplicy, w kt\u00f3rej modlili\u015bmy si\u0119 do 14 pa\u017adziernika 2017r.<\/p>\n<p style=\"text-align: justify;\">R\u00f3wnolegle z budow\u0105 materialn\u0105 \u015bwi\u0105tyni coraz aktywniejszy sta\u0142 si\u0119 udzia\u0142 cz\u0142onk\u00f3w \u017cywego Ko\u015bcio\u0142a. Zacz\u0119\u0142y si\u0119 odbywa\u0107 r\u00f3\u017cne uroczysto\u015bci &#8211; chrzty, \u015bluby &#8211; dla wielu wiernych niewa\u017cne by\u0142y warunki zewn\u0119trzne, a najwa\u017cniejsze by\u0142o to, co dzia\u0142o si\u0119 w sercach ludzkich. Czuj\u0105cy powo\u0142anie do s\u0142u\u017cby innym parafianie brali wraz z naszymi kap\u0142anami udzia\u0142 w tworzeniu wielu wsp\u00f3lnot i stowarzysze\u0144.<\/p>\n<p style=\"text-align: justify;\">27 kwietnia 2001r. Biskup P\u0142ocki Stanis\u0142aw Wielgus dokona\u0142 po\u015bwi\u0119cenia placu pod budow\u0119 ko\u015bcio\u0142a parafialnego.<\/p>\n<div id='gallery-1' class='gallery galleryid-4 gallery-columns-2 gallery-size-medium'><dl class='gallery-item'>\n\t\t\t<dt class='gallery-icon portrait'>\n\t\t\t\t<a href='http:\/\/www.mbfatimska.plock.opoka.org.pl\/wp-content\/uploads\/2016\/05\/posw_placu1b.jpg' rel=\"lightbox[4]\"><img width=\"216\" height=\"300\" src=\"http:\/\/www.mbfatimska.plock.opoka.org.pl\/wp-content\/uploads\/2016\/05\/posw_placu1b-216x300.jpg\" class=\"attachment-medium size-medium\" alt=\"\" loading=\"lazy\" srcset=\"http:\/\/www.mbfatimska.plock.opoka.org.pl\/wp-content\/uploads\/2016\/05\/posw_placu1b-216x300.jpg 216w, http:\/\/www.mbfatimska.plock.opoka.org.pl\/wp-content\/uploads\/2016\/05\/posw_placu1b.jpg 451w\" sizes=\"(max-width: 216px) 85vw, 216px\" \/><\/a>\n\t\t\t<\/dt><\/dl><dl class='gallery-item'>\n\t\t\t<dt class='gallery-icon landscape'>\n\t\t\t\t<a href='http:\/\/www.mbfatimska.plock.opoka.org.pl\/wp-content\/uploads\/2016\/05\/posw_placu2b.jpg' rel=\"lightbox[4]\"><img width=\"300\" height=\"208\" src=\"http:\/\/www.mbfatimska.plock.opoka.org.pl\/wp-content\/uploads\/2016\/05\/posw_placu2b-300x208.jpg\" class=\"attachment-medium size-medium\" alt=\"\" loading=\"lazy\" srcset=\"http:\/\/www.mbfatimska.plock.opoka.org.pl\/wp-content\/uploads\/2016\/05\/posw_placu2b-300x208.jpg 300w, http:\/\/www.mbfatimska.plock.opoka.org.pl\/wp-content\/uploads\/2016\/05\/posw_placu2b.jpg 633w\" sizes=\"(max-width: 300px) 85vw, 300px\" \/><\/a>\n\t\t\t<\/dt><\/dl>\n\t\t<\/div>\n\n<p style=\"text-align: justify;\">Jesieni\u0105 2003r. parafia, po za\u0142atwieniu wszystkich spraw formalno\u015bciowych, mog\u0142a przyst\u0105pi\u0107 do budowy ko\u015bcio\u0142a, plebanii i obiekt\u00f3w towarzysz\u0105cych.<\/p>\n<div id='gallery-2' class='gallery galleryid-4 gallery-columns-2 gallery-size-medium'><dl class='gallery-item'>\n\t\t\t<dt class='gallery-icon landscape'>\n\t\t\t\t<a href='http:\/\/www.mbfatimska.plock.opoka.org.pl\/wp-content\/uploads\/2016\/05\/budowa1c.jpg' rel=\"lightbox[4]\"><img width=\"300\" height=\"201\" src=\"http:\/\/www.mbfatimska.plock.opoka.org.pl\/wp-content\/uploads\/2016\/05\/budowa1c-300x201.jpg\" class=\"attachment-medium size-medium\" alt=\"\" loading=\"lazy\" srcset=\"http:\/\/www.mbfatimska.plock.opoka.org.pl\/wp-content\/uploads\/2016\/05\/budowa1c-300x201.jpg 300w, http:\/\/www.mbfatimska.plock.opoka.org.pl\/wp-content\/uploads\/2016\/05\/budowa1c-768x514.jpg 768w, http:\/\/www.mbfatimska.plock.opoka.org.pl\/wp-content\/uploads\/2016\/05\/budowa1c.jpg 896w\" sizes=\"(max-width: 300px) 85vw, 300px\" \/><\/a>\n\t\t\t<\/dt><\/dl><dl class='gallery-item'>\n\t\t\t<dt class='gallery-icon landscape'>\n\t\t\t\t<a href='http:\/\/www.mbfatimska.plock.opoka.org.pl\/wp-content\/uploads\/2016\/05\/budowa2c.jpg' rel=\"lightbox[4]\"><img width=\"300\" height=\"201\" src=\"http:\/\/www.mbfatimska.plock.opoka.org.pl\/wp-content\/uploads\/2016\/05\/budowa2c-300x201.jpg\" class=\"attachment-medium size-medium\" alt=\"\" loading=\"lazy\" srcset=\"http:\/\/www.mbfatimska.plock.opoka.org.pl\/wp-content\/uploads\/2016\/05\/budowa2c-300x201.jpg 300w, http:\/\/www.mbfatimska.plock.opoka.org.pl\/wp-content\/uploads\/2016\/05\/budowa2c-768x514.jpg 768w, http:\/\/www.mbfatimska.plock.opoka.org.pl\/wp-content\/uploads\/2016\/05\/budowa2c.jpg 896w\" sizes=\"(max-width: 300px) 85vw, 300px\" \/><\/a>\n\t\t\t<\/dt><\/dl><dl class='gallery-item'>\n\t\t\t<dt class='gallery-icon landscape'>\n\t\t\t\t<a href='http:\/\/www.mbfatimska.plock.opoka.org.pl\/wp-content\/uploads\/2016\/05\/budowa3c.jpg' rel=\"lightbox[4]\"><img width=\"300\" height=\"201\" src=\"http:\/\/www.mbfatimska.plock.opoka.org.pl\/wp-content\/uploads\/2016\/05\/budowa3c-300x201.jpg\" class=\"attachment-medium size-medium\" alt=\"\" loading=\"lazy\" srcset=\"http:\/\/www.mbfatimska.plock.opoka.org.pl\/wp-content\/uploads\/2016\/05\/budowa3c-300x201.jpg 300w, http:\/\/www.mbfatimska.plock.opoka.org.pl\/wp-content\/uploads\/2016\/05\/budowa3c-768x514.jpg 768w, http:\/\/www.mbfatimska.plock.opoka.org.pl\/wp-content\/uploads\/2016\/05\/budowa3c.jpg 896w\" sizes=\"(max-width: 300px) 85vw, 300px\" \/><\/a>\n\t\t\t<\/dt><\/dl><dl class='gallery-item'>\n\t\t\t<dt class='gallery-icon landscape'>\n\t\t\t\t<a href='http:\/\/www.mbfatimska.plock.opoka.org.pl\/wp-content\/uploads\/2016\/05\/budowa4c.jpg' rel=\"lightbox[4]\"><img width=\"300\" height=\"201\" src=\"http:\/\/www.mbfatimska.plock.opoka.org.pl\/wp-content\/uploads\/2016\/05\/budowa4c-300x201.jpg\" class=\"attachment-medium size-medium\" alt=\"\" loading=\"lazy\" srcset=\"http:\/\/www.mbfatimska.plock.opoka.org.pl\/wp-content\/uploads\/2016\/05\/budowa4c-300x201.jpg 300w, http:\/\/www.mbfatimska.plock.opoka.org.pl\/wp-content\/uploads\/2016\/05\/budowa4c-768x514.jpg 768w, http:\/\/www.mbfatimska.plock.opoka.org.pl\/wp-content\/uploads\/2016\/05\/budowa4c.jpg 896w\" sizes=\"(max-width: 300px) 85vw, 300px\" \/><\/a>\n\t\t\t<\/dt><\/dl>\n\t\t<\/div>\n\n<p style=\"text-align: justify;\">W maju 2004r. przyst\u0105piono do budowy plebanii i obiekt\u00f3w towarzysz\u0105cych: zalano fundamenty pod ko\u015bci\u00f3\u0142, plebani\u0119 i obiekty towarzysz\u0105ce. W 2004r. zosta\u0142y postawione mury parteru plebanii i mury obiekt\u00f3w towarzysz\u0105cych. Wybudowane mury zosta\u0142y tak\u017ce zabezpieczone na okres zimowy.<\/p>\n<p style=\"text-align: justify;\">Wiosn\u0105 2005r. przyst\u0105piono do budowy pierwszego pi\u0119tra plebanii oraz rozpocz\u0119to budow\u0119 dach\u00f3w. W 2005r. uda\u0142o si\u0119 doko\u0144czy\u0107 wznoszenie wszystkich mur\u00f3w plebanii i obiekt\u00f3w towarzysz\u0105cych. Zadaszono obiekty i zabezpieczono na zim\u0119. W pa\u017adzierniku konieczna by\u0142a tak\u017ce ju\u017c naprawa zniszcze\u0144 &#8211; wymiana dach\u00f3wek.<\/p>\n<div id='gallery-3' class='gallery galleryid-4 gallery-columns-2 gallery-size-medium'><dl class='gallery-item'>\n\t\t\t<dt class='gallery-icon landscape'>\n\t\t\t\t<a href='http:\/\/www.mbfatimska.plock.opoka.org.pl\/wp-content\/uploads\/2017\/03\/S3700057b.jpg' rel=\"lightbox[4]\"><img width=\"300\" height=\"225\" src=\"http:\/\/www.mbfatimska.plock.opoka.org.pl\/wp-content\/uploads\/2017\/03\/S3700057b-300x225.jpg\" class=\"attachment-medium size-medium\" alt=\"\" loading=\"lazy\" srcset=\"http:\/\/www.mbfatimska.plock.opoka.org.pl\/wp-content\/uploads\/2017\/03\/S3700057b-300x225.jpg 300w, http:\/\/www.mbfatimska.plock.opoka.org.pl\/wp-content\/uploads\/2017\/03\/S3700057b-768x576.jpg 768w, http:\/\/www.mbfatimska.plock.opoka.org.pl\/wp-content\/uploads\/2017\/03\/S3700057b.jpg 922w\" sizes=\"(max-width: 300px) 85vw, 300px\" \/><\/a>\n\t\t\t<\/dt><\/dl><dl class='gallery-item'>\n\t\t\t<dt class='gallery-icon landscape'>\n\t\t\t\t<a href='http:\/\/www.mbfatimska.plock.opoka.org.pl\/wp-content\/uploads\/2017\/03\/S3700058b.jpg' rel=\"lightbox[4]\"><img width=\"300\" height=\"225\" src=\"http:\/\/www.mbfatimska.plock.opoka.org.pl\/wp-content\/uploads\/2017\/03\/S3700058b-300x225.jpg\" class=\"attachment-medium size-medium\" alt=\"\" loading=\"lazy\" srcset=\"http:\/\/www.mbfatimska.plock.opoka.org.pl\/wp-content\/uploads\/2017\/03\/S3700058b-300x225.jpg 300w, http:\/\/www.mbfatimska.plock.opoka.org.pl\/wp-content\/uploads\/2017\/03\/S3700058b-768x576.jpg 768w, http:\/\/www.mbfatimska.plock.opoka.org.pl\/wp-content\/uploads\/2017\/03\/S3700058b.jpg 820w\" sizes=\"(max-width: 300px) 85vw, 300px\" \/><\/a>\n\t\t\t<\/dt><\/dl><dl class='gallery-item'>\n\t\t\t<dt class='gallery-icon landscape'>\n\t\t\t\t<a href='http:\/\/www.mbfatimska.plock.opoka.org.pl\/wp-content\/uploads\/2017\/03\/S3700060b.jpg' rel=\"lightbox[4]\"><img width=\"300\" height=\"225\" src=\"http:\/\/www.mbfatimska.plock.opoka.org.pl\/wp-content\/uploads\/2017\/03\/S3700060b-300x225.jpg\" class=\"attachment-medium size-medium\" alt=\"\" loading=\"lazy\" srcset=\"http:\/\/www.mbfatimska.plock.opoka.org.pl\/wp-content\/uploads\/2017\/03\/S3700060b-300x225.jpg 300w, http:\/\/www.mbfatimska.plock.opoka.org.pl\/wp-content\/uploads\/2017\/03\/S3700060b-768x576.jpg 768w, http:\/\/www.mbfatimska.plock.opoka.org.pl\/wp-content\/uploads\/2017\/03\/S3700060b.jpg 820w\" sizes=\"(max-width: 300px) 85vw, 300px\" \/><\/a>\n\t\t\t<\/dt><\/dl><dl class='gallery-item'>\n\t\t\t<dt class='gallery-icon landscape'>\n\t\t\t\t<a href='http:\/\/www.mbfatimska.plock.opoka.org.pl\/wp-content\/uploads\/2017\/03\/S3700062b.jpg' rel=\"lightbox[4]\"><img width=\"300\" height=\"225\" src=\"http:\/\/www.mbfatimska.plock.opoka.org.pl\/wp-content\/uploads\/2017\/03\/S3700062b-300x225.jpg\" class=\"attachment-medium size-medium\" alt=\"\" loading=\"lazy\" srcset=\"http:\/\/www.mbfatimska.plock.opoka.org.pl\/wp-content\/uploads\/2017\/03\/S3700062b-300x225.jpg 300w, http:\/\/www.mbfatimska.plock.opoka.org.pl\/wp-content\/uploads\/2017\/03\/S3700062b-768x576.jpg 768w, http:\/\/www.mbfatimska.plock.opoka.org.pl\/wp-content\/uploads\/2017\/03\/S3700062b.jpg 820w\" sizes=\"(max-width: 300px) 85vw, 300px\" \/><\/a>\n\t\t\t<\/dt><\/dl><dl class='gallery-item'>\n\t\t\t<dt class='gallery-icon landscape'>\n\t\t\t\t<a href='http:\/\/www.mbfatimska.plock.opoka.org.pl\/wp-content\/uploads\/2017\/03\/S3700069b.jpg' rel=\"lightbox[4]\"><img width=\"300\" height=\"225\" src=\"http:\/\/www.mbfatimska.plock.opoka.org.pl\/wp-content\/uploads\/2017\/03\/S3700069b-300x225.jpg\" class=\"attachment-medium size-medium\" alt=\"\" loading=\"lazy\" srcset=\"http:\/\/www.mbfatimska.plock.opoka.org.pl\/wp-content\/uploads\/2017\/03\/S3700069b-300x225.jpg 300w, http:\/\/www.mbfatimska.plock.opoka.org.pl\/wp-content\/uploads\/2017\/03\/S3700069b-768x576.jpg 768w, http:\/\/www.mbfatimska.plock.opoka.org.pl\/wp-content\/uploads\/2017\/03\/S3700069b.jpg 820w\" sizes=\"(max-width: 300px) 85vw, 300px\" \/><\/a>\n\t\t\t<\/dt><\/dl><dl class='gallery-item'>\n\t\t\t<dt class='gallery-icon landscape'>\n\t\t\t\t<a href='http:\/\/www.mbfatimska.plock.opoka.org.pl\/wp-content\/uploads\/2017\/03\/S3700071b.jpg' rel=\"lightbox[4]\"><img width=\"300\" height=\"225\" src=\"http:\/\/www.mbfatimska.plock.opoka.org.pl\/wp-content\/uploads\/2017\/03\/S3700071b-300x225.jpg\" class=\"attachment-medium size-medium\" alt=\"\" loading=\"lazy\" srcset=\"http:\/\/www.mbfatimska.plock.opoka.org.pl\/wp-content\/uploads\/2017\/03\/S3700071b-300x225.jpg 300w, http:\/\/www.mbfatimska.plock.opoka.org.pl\/wp-content\/uploads\/2017\/03\/S3700071b-768x576.jpg 768w, http:\/\/www.mbfatimska.plock.opoka.org.pl\/wp-content\/uploads\/2017\/03\/S3700071b.jpg 820w\" sizes=\"(max-width: 300px) 85vw, 300px\" \/><\/a>\n\t\t\t<\/dt><\/dl><dl class='gallery-item'>\n\t\t\t<dt class='gallery-icon landscape'>\n\t\t\t\t<a href='http:\/\/www.mbfatimska.plock.opoka.org.pl\/wp-content\/uploads\/2017\/03\/S3700077b.jpg' rel=\"lightbox[4]\"><img width=\"300\" height=\"225\" src=\"http:\/\/www.mbfatimska.plock.opoka.org.pl\/wp-content\/uploads\/2017\/03\/S3700077b-300x225.jpg\" class=\"attachment-medium size-medium\" alt=\"\" loading=\"lazy\" srcset=\"http:\/\/www.mbfatimska.plock.opoka.org.pl\/wp-content\/uploads\/2017\/03\/S3700077b-300x225.jpg 300w, http:\/\/www.mbfatimska.plock.opoka.org.pl\/wp-content\/uploads\/2017\/03\/S3700077b-768x576.jpg 768w, http:\/\/www.mbfatimska.plock.opoka.org.pl\/wp-content\/uploads\/2017\/03\/S3700077b.jpg 820w\" sizes=\"(max-width: 300px) 85vw, 300px\" \/><\/a>\n\t\t\t<\/dt><\/dl><dl class='gallery-item'>\n\t\t\t<dt class='gallery-icon landscape'>\n\t\t\t\t<a href='http:\/\/www.mbfatimska.plock.opoka.org.pl\/wp-content\/uploads\/2017\/03\/S3700078b.jpg' rel=\"lightbox[4]\"><img width=\"300\" height=\"225\" src=\"http:\/\/www.mbfatimska.plock.opoka.org.pl\/wp-content\/uploads\/2017\/03\/S3700078b-300x225.jpg\" class=\"attachment-medium size-medium\" alt=\"\" loading=\"lazy\" srcset=\"http:\/\/www.mbfatimska.plock.opoka.org.pl\/wp-content\/uploads\/2017\/03\/S3700078b-300x225.jpg 300w, http:\/\/www.mbfatimska.plock.opoka.org.pl\/wp-content\/uploads\/2017\/03\/S3700078b-768x576.jpg 768w, http:\/\/www.mbfatimska.plock.opoka.org.pl\/wp-content\/uploads\/2017\/03\/S3700078b.jpg 922w\" sizes=\"(max-width: 300px) 85vw, 300px\" \/><\/a>\n\t\t\t<\/dt><\/dl>\n\t\t<\/div>\n\n<p style=\"text-align: justify;\">We wrze\u015bniu 2006r. wywieziono nagromadzony gruz po budowanym w latach 80-tych osiedlu Mi\u0119dzytorze &#8211; dawna g\u00f3rka saneczkowa. W 2006r. rozpocz\u0119to wznoszenie mur\u00f3w ko\u015bcio\u0142a oraz zalano sufity nad pomieszczeniami zakrystii dla ministrant\u00f3w, ksi\u0119\u017cy i nad pomieszczeniami sanitarnymi.<\/p>\n<div id='gallery-4' class='gallery galleryid-4 gallery-columns-2 gallery-size-medium'><dl class='gallery-item'>\n\t\t\t<dt class='gallery-icon landscape'>\n\t\t\t\t<a href='http:\/\/www.mbfatimska.plock.opoka.org.pl\/wp-content\/uploads\/2017\/03\/S3700005pb.jpg' rel=\"lightbox[4]\"><img width=\"300\" height=\"225\" src=\"http:\/\/www.mbfatimska.plock.opoka.org.pl\/wp-content\/uploads\/2017\/03\/S3700005pb-300x225.jpg\" class=\"attachment-medium size-medium\" alt=\"\" loading=\"lazy\" srcset=\"http:\/\/www.mbfatimska.plock.opoka.org.pl\/wp-content\/uploads\/2017\/03\/S3700005pb-300x225.jpg 300w, http:\/\/www.mbfatimska.plock.opoka.org.pl\/wp-content\/uploads\/2017\/03\/S3700005pb.jpg 640w\" sizes=\"(max-width: 300px) 85vw, 300px\" \/><\/a>\n\t\t\t<\/dt><\/dl><dl class='gallery-item'>\n\t\t\t<dt class='gallery-icon landscape'>\n\t\t\t\t<a href='http:\/\/www.mbfatimska.plock.opoka.org.pl\/wp-content\/uploads\/2017\/03\/S3700009pb.jpg' rel=\"lightbox[4]\"><img width=\"300\" height=\"225\" src=\"http:\/\/www.mbfatimska.plock.opoka.org.pl\/wp-content\/uploads\/2017\/03\/S3700009pb-300x225.jpg\" class=\"attachment-medium size-medium\" alt=\"\" loading=\"lazy\" srcset=\"http:\/\/www.mbfatimska.plock.opoka.org.pl\/wp-content\/uploads\/2017\/03\/S3700009pb-300x225.jpg 300w, http:\/\/www.mbfatimska.plock.opoka.org.pl\/wp-content\/uploads\/2017\/03\/S3700009pb.jpg 640w\" sizes=\"(max-width: 300px) 85vw, 300px\" \/><\/a>\n\t\t\t<\/dt><\/dl><dl class='gallery-item'>\n\t\t\t<dt class='gallery-icon landscape'>\n\t\t\t\t<a href='http:\/\/www.mbfatimska.plock.opoka.org.pl\/wp-content\/uploads\/2017\/03\/S3700010pb.jpg' rel=\"lightbox[4]\"><img width=\"300\" height=\"225\" src=\"http:\/\/www.mbfatimska.plock.opoka.org.pl\/wp-content\/uploads\/2017\/03\/S3700010pb-300x225.jpg\" class=\"attachment-medium size-medium\" alt=\"\" loading=\"lazy\" srcset=\"http:\/\/www.mbfatimska.plock.opoka.org.pl\/wp-content\/uploads\/2017\/03\/S3700010pb-300x225.jpg 300w, http:\/\/www.mbfatimska.plock.opoka.org.pl\/wp-content\/uploads\/2017\/03\/S3700010pb.jpg 640w\" sizes=\"(max-width: 300px) 85vw, 300px\" \/><\/a>\n\t\t\t<\/dt><\/dl><dl class='gallery-item'>\n\t\t\t<dt class='gallery-icon landscape'>\n\t\t\t\t<a href='http:\/\/www.mbfatimska.plock.opoka.org.pl\/wp-content\/uploads\/2017\/03\/S3700013pb.jpg' rel=\"lightbox[4]\"><img width=\"300\" height=\"225\" src=\"http:\/\/www.mbfatimska.plock.opoka.org.pl\/wp-content\/uploads\/2017\/03\/S3700013pb-300x225.jpg\" class=\"attachment-medium size-medium\" alt=\"\" loading=\"lazy\" srcset=\"http:\/\/www.mbfatimska.plock.opoka.org.pl\/wp-content\/uploads\/2017\/03\/S3700013pb-300x225.jpg 300w, http:\/\/www.mbfatimska.plock.opoka.org.pl\/wp-content\/uploads\/2017\/03\/S3700013pb.jpg 640w\" sizes=\"(max-width: 300px) 85vw, 300px\" \/><\/a>\n\t\t\t<\/dt><\/dl>\n\t\t<\/div>\n\n<p style=\"text-align: justify;\">W 2006r. na \u0142amach naszej parafialnej gazetki &#8222;Zwiastun Fatimski&#8221; ukaza\u0142 si\u0119 wywiad z ks. proboszczem o historii naszej parafii i budowie ko\u015bcio\u0142a. Zach\u0119camy do przeczytania &#8211;\u00a0<a href=\"http:\/\/www.mbfatimska.plock.opoka.org.pl\/index.php\/wywiad-z-ks-proboszczem-2006r\/\">Wywiad z ks. Proboszczem (2006r.)<\/a><\/p>\n<p style=\"text-align: justify;\">Dalsze lata, to prace wyko\u0144czeniowe prowadzone w budynku plebanii oraz dalsze wznoszenie mur\u00f3w ko\u015bcio\u0142a. Bardzo du\u017co zdj\u0119\u0107 z tego okresu znajduje si\u0119 w naszej\u00a0<a href=\"http:\/\/www.mbfatimska.plock.opoka.org.pl\/index.php\/galeria-zdjec\/\">Galerii zdj\u0119\u0107<\/a>\u00a0&#8211; zach\u0119camy do obejrzenia.<\/p>\n<p style=\"text-align: justify;\">Od 2011r. Kancelaria Parafialna znajduje si\u0119 w nowym budynku plebanii.<\/p>\n<p style=\"text-align: justify;\">W 2015r. doko\u0144czono budow\u0119 dachu nowego ko\u015bcio\u0142a.<\/p>\n<p style=\"text-align: justify;\">W 2016 roku zako\u0144czono wszystkie prace zwi\u0105zane z wie\u017c\u0105 ko\u015bcio\u0142a, wci\u0105gni\u0119to ca\u0142\u0105 konstrukcj\u0119 wie\u0144cz\u0105c\u0105 wie\u017c\u0119, zamontowano krzy\u017c, wykonano wszystkie obr\u00f3bki, tynki i malowanie wie\u017cy. Doko\u0144czono dach nad krucht\u0105 ko\u015bcio\u0142a, \u0142\u0105cznie z konstrukcj\u0105 stalow\u0105. Wykonano wszystkie prace zwi\u0105zane z wymurowywaniem otwor\u00f3w okiennych i przygotowano ju\u017c do monta\u017cu okien. Ustawiono wiele \u015bcian wewn\u0119trznych, kt\u00f3re oddzielaj\u0105 i zamykaj\u0105 poszczeg\u00f3lne pomieszczenia. Galeria zdj\u0119\u0107 z budowy ko\u015bcio\u0142a w 2016 roku:<\/p>\n<figure id=\"attachment_420\" aria-describedby=\"caption-attachment-420\" style=\"width: 300px\" class=\"wp-caption aligncenter\"><a href=\"https:\/\/goo.gl\/photos\/uRQAYzT1PJeHem8S9\"><img loading=\"lazy\" class=\"wp-image-420 size-medium\" src=\"http:\/\/www.mbfatimska.plock.opoka.org.pl\/wp-content\/uploads\/2017\/03\/budowa2016-300x224.jpg\" alt=\"\" width=\"300\" height=\"224\" \/><\/a><figcaption id=\"caption-attachment-420\" class=\"wp-caption-text\">Galeria zdj\u0119\u0107 &#8211; Budowa ko\u015bcio\u0142a w 2016r.<\/figcaption><\/figure>\n<p style=\"text-align: justify;\">W marcu 2017r. w ko\u015bciele rozpocz\u0119to monta\u017c okien. R\u00f3wnocze\u015bnie poszukujemy sponsor\u00f3w &#8211; gdyby ktokolwiek chcia\u0142 by\u0107 sponsorem poszczeg\u00f3lnych okien lub czego\u015b innego w naszym ko\u015bciele, to serdecznie zapraszamy, zach\u0119camy i prosimy o kontakt z ks. proboszczem.<\/p>\n<div id='gallery-5' class='gallery galleryid-4 gallery-columns-2 gallery-size-medium'><dl class='gallery-item'>\n\t\t\t<dt class='gallery-icon landscape'>\n\t\t\t\t<a href='http:\/\/www.mbfatimska.plock.opoka.org.pl\/wp-content\/uploads\/2017\/03\/IMG_20170309_131228c.jpg' rel=\"lightbox[4]\"><img width=\"300\" height=\"225\" src=\"http:\/\/www.mbfatimska.plock.opoka.org.pl\/wp-content\/uploads\/2017\/03\/IMG_20170309_131228c-300x225.jpg\" class=\"attachment-medium size-medium\" alt=\"\" loading=\"lazy\" srcset=\"http:\/\/www.mbfatimska.plock.opoka.org.pl\/wp-content\/uploads\/2017\/03\/IMG_20170309_131228c-300x225.jpg 300w, http:\/\/www.mbfatimska.plock.opoka.org.pl\/wp-content\/uploads\/2017\/03\/IMG_20170309_131228c.jpg 653w\" sizes=\"(max-width: 300px) 85vw, 300px\" \/><\/a>\n\t\t\t<\/dt><\/dl><dl class='gallery-item'>\n\t\t\t<dt class='gallery-icon landscape'>\n\t\t\t\t<a href='http:\/\/www.mbfatimska.plock.opoka.org.pl\/wp-content\/uploads\/2017\/03\/IMG_20170309_143615c.jpg' rel=\"lightbox[4]\"><img width=\"300\" height=\"225\" src=\"http:\/\/www.mbfatimska.plock.opoka.org.pl\/wp-content\/uploads\/2017\/03\/IMG_20170309_143615c-300x225.jpg\" class=\"attachment-medium size-medium\" alt=\"\" loading=\"lazy\" srcset=\"http:\/\/www.mbfatimska.plock.opoka.org.pl\/wp-content\/uploads\/2017\/03\/IMG_20170309_143615c-300x225.jpg 300w, http:\/\/www.mbfatimska.plock.opoka.org.pl\/wp-content\/uploads\/2017\/03\/IMG_20170309_143615c.jpg 653w\" sizes=\"(max-width: 300px) 85vw, 300px\" \/><\/a>\n\t\t\t<\/dt><\/dl>\n\t\t<\/div>\n\n<figure id=\"attachment_738\" aria-describedby=\"caption-attachment-738\" style=\"width: 300px\" class=\"wp-caption aligncenter\"><a href=\"https:\/\/photos.app.goo.gl\/7Wd6pgPUK5ujrxZg1\"><img loading=\"lazy\" class=\"wp-image-738 size-medium\" title=\"Galeria zdj\u0119\u0107 ? prace wyko\u0144czeniowe 8.10.2017r.\" src=\"http:\/\/www.mbfatimska.plock.opoka.org.pl\/wp-content\/uploads\/2017\/10\/DSCF3214-FOTO-300x225.jpg\" alt=\"\" width=\"300\" height=\"225\" srcset=\"http:\/\/www.mbfatimska.plock.opoka.org.pl\/wp-content\/uploads\/2017\/10\/DSCF3214-FOTO-300x225.jpg 300w, http:\/\/www.mbfatimska.plock.opoka.org.pl\/wp-content\/uploads\/2017\/10\/DSCF3214-FOTO.jpg 768w\" sizes=\"(max-width: 300px) 85vw, 300px\" \/><\/a><figcaption id=\"caption-attachment-738\" class=\"wp-caption-text\">Galeria zdj\u0119\u0107 ? prace wyko\u0144czeniowe 8.10.2017r.<\/figcaption><\/figure>\n<p style=\"text-align: justify;\">Uroczysta konsekracja naszego ko\u015bcio\u0142a mia\u0142a miejsce w 100- rocznic\u0119 objawie\u0144 fatimskich, 15 pa\u017adziernika 2017r. o godz. 16:00.<\/p>\n<p style=\"text-align: justify;\"><a href=\"http:\/\/www.mbfatimska.plock.opoka.org.pl\/wp-content\/uploads\/2017\/03\/projekt1b.jpg\" rel=\"lightbox[4]\"><img loading=\"lazy\" class=\"aligncenter size-medium wp-image-453\" src=\"http:\/\/www.mbfatimska.plock.opoka.org.pl\/wp-content\/uploads\/2017\/03\/projekt1b-300x206.jpg\" alt=\"\" width=\"300\" height=\"206\" srcset=\"http:\/\/www.mbfatimska.plock.opoka.org.pl\/wp-content\/uploads\/2017\/03\/projekt1b-300x206.jpg 300w, http:\/\/www.mbfatimska.plock.opoka.org.pl\/wp-content\/uploads\/2017\/03\/projekt1b-768x527.jpg 768w, http:\/\/www.mbfatimska.plock.opoka.org.pl\/wp-content\/uploads\/2017\/03\/projekt1b.jpg 876w\" sizes=\"(max-width: 300px) 85vw, 300px\" \/><\/a><\/p>\n<p>&nbsp;<\/p>\n<figure id=\"attachment_757\" aria-describedby=\"caption-attachment-757\" style=\"width: 300px\" class=\"wp-caption aligncenter\"><a href=\"https:\/\/photos.app.goo.gl\/T2xMFwCW2yc4J22x1\"><img loading=\"lazy\" class=\"wp-image-757 size-medium\" title=\"Ko\u015bci\u00f3\u0142 pw. Matki Bo\u017cej Fatimskiej - Galeria zdj\u0119\u0107 17 pa\u017adziernika 2017r.\" src=\"http:\/\/www.mbfatimska.plock.opoka.org.pl\/wp-content\/uploads\/2017\/10\/DSC_4965-FOTO-300x199.jpg\" alt=\"\" width=\"300\" height=\"199\" srcset=\"http:\/\/www.mbfatimska.plock.opoka.org.pl\/wp-content\/uploads\/2017\/10\/DSC_4965-FOTO-300x199.jpg 300w, http:\/\/www.mbfatimska.plock.opoka.org.pl\/wp-content\/uploads\/2017\/10\/DSC_4965-FOTO.jpg 768w\" sizes=\"(max-width: 300px) 85vw, 300px\" \/><\/a><figcaption id=\"caption-attachment-757\" class=\"wp-caption-text\">Ko\u015bci\u00f3\u0142 pw. Matki Bo\u017cej Fatimskiej &#8211; Galeria zdj\u0119\u0107 17 pa\u017adziernika 2017r.<\/figcaption><\/figure>\n<p>W sierpniu 2019r. uko\u0144czono centralny fragment po\u0142udniowej elewacji na naszym ko\u015bciele. Trwaj\u0105 jeszcze prace na elewacji od strony p\u00f3\u0142nocnej.<\/p>\n<figure id=\"attachment_1332\" aria-describedby=\"caption-attachment-1332\" style=\"width: 300px\" class=\"wp-caption aligncenter\"><a href=\"https:\/\/photos.app.goo.gl\/3hSqgj6pUJ5MHRqG7\"><img loading=\"lazy\" class=\"wp-image-1332 size-medium\" src=\"http:\/\/www.mbfatimska.plock.opoka.org.pl\/wp-content\/uploads\/2019\/06\/elewacja2019-06-02-300x300.jpg\" alt=\"\" width=\"300\" height=\"300\" srcset=\"http:\/\/www.mbfatimska.plock.opoka.org.pl\/wp-content\/uploads\/2019\/06\/elewacja2019-06-02-300x300.jpg 300w, http:\/\/www.mbfatimska.plock.opoka.org.pl\/wp-content\/uploads\/2019\/06\/elewacja2019-06-02-150x150.jpg 150w, http:\/\/www.mbfatimska.plock.opoka.org.pl\/wp-content\/uploads\/2019\/06\/elewacja2019-06-02.jpg 654w\" sizes=\"(max-width: 300px) 85vw, 300px\" \/><\/a><figcaption id=\"caption-attachment-1332\" class=\"wp-caption-text\">Prace przy elewacji ko\u015bcio\u0142a &#8211; stan na 2.06.2019r.<\/figcaption><\/figure>\n<figure id=\"attachment_1377\" aria-describedby=\"caption-attachment-1377\" style=\"width: 300px\" class=\"wp-caption aligncenter\"><a href=\"https:\/\/photos.app.goo.gl\/hWaaPdG2HKUeHEYw9\"><img loading=\"lazy\" class=\"wp-image-1377 size-medium\" src=\"http:\/\/www.mbfatimska.plock.opoka.org.pl\/wp-content\/uploads\/2019\/09\/20190825_093853-COLLAGE-300x300.jpg\" alt=\"\" width=\"300\" height=\"300\" srcset=\"http:\/\/www.mbfatimska.plock.opoka.org.pl\/wp-content\/uploads\/2019\/09\/20190825_093853-COLLAGE-300x300.jpg 300w, http:\/\/www.mbfatimska.plock.opoka.org.pl\/wp-content\/uploads\/2019\/09\/20190825_093853-COLLAGE-150x150.jpg 150w, http:\/\/www.mbfatimska.plock.opoka.org.pl\/wp-content\/uploads\/2019\/09\/20190825_093853-COLLAGE.jpg 654w\" sizes=\"(max-width: 300px) 85vw, 300px\" \/><\/a><figcaption id=\"caption-attachment-1377\" class=\"wp-caption-text\">Prace przy elewacji ko\u015bcio\u0142a &#8211; stan na 1.09.2019r.<\/figcaption><\/figure>\n<p style=\"text-align: justify;\">8 pa\u017adziernika 2019r. w wie\u017cy naszego ko\u015bcio\u0142a zosta\u0142a osadzona figura Matki Bo\u017cej Fatimskiej. Rze\u017aba powstawa\u0142a w ci\u0105gu paru miesi\u0119cy w pracowni p. Tadeusza Biniewicza. Wykonana zosta\u0142a z jednego bloku granitowego. Wyobra\u017ca posta\u0107, jaka ukaza\u0142a si\u0119 tr\u00f3jce portugalskich pastuszk\u00f3w 13 maja 1917r. w pobli\u017cu osady Fatima. Pierwsza, drewniana rze\u017aba Matki Bo\u017cej Fatimskiej powsta\u0142a ju\u017c w 1920r. wykonana w oparciu o relacj\u0119 z objawienia, kt\u00f3rego do\u015bwiadczy\u0142a \u0141ucja dos Santos, najstarsze z dzieci. \u0141ucja, dzi\u015b \u015bwi\u0119ta Ko\u015bcio\u0142a Katolickiego dok\u0142adnie opisa\u0142a widzian\u0105 posta\u0107, z kt\u00f3r\u0105 rozmawia\u0142a. W 1946r. artysta po raz kolejny spotka\u0142 si\u0119 z siostr\u0105 \u0141ucj\u0105, kt\u00f3ra potwierdzi\u0142a wcze\u015bniejszy opis Matki Bo\u017cej i tym razem wykona\u0142 rze\u017ab\u0119 &#8211; dzi\u015b znan\u0105 na ca\u0142ym \u015bwiecie.<\/p>\n<p style=\"text-align: justify;\">Posta\u0107 wyrze\u017abiona przez p. Biniewicza wraz z wyobra\u017ceniem chmury, na kt\u00f3rej stoi, ma ponad trzy metry wysoko\u015bci i wa\u017cy oko\u0142o 2 ton. Rze\u017aba posadowiona jest w niszy wie\u017cy na wysoko\u015bci oko\u0142o 14 metr\u00f3w. Ta trudna operacja techniczna przeprowadzona zosta\u0142a bardzo sprawnie przez pracownik\u00f3w firmy Majster Atlas Kujawy:<\/p>\n<div id='gallery-6' class='gallery galleryid-1518 gallery-columns-3 gallery-size-thumbnail'><dl class='gallery-item'>\n\t\t\t<dt class='gallery-icon landscape'>\n\t\t\t\t<a href='http:\/\/www.mbfatimska.plock.opoka.org.pl\/wp-content\/uploads\/2019\/10\/20191008_112334c.jpg' rel=\"lightbox[4]\"><img width=\"150\" height=\"150\" src=\"http:\/\/www.mbfatimska.plock.opoka.org.pl\/wp-content\/uploads\/2019\/10\/20191008_112334c-150x150.jpg\" class=\"attachment-thumbnail size-thumbnail\" alt=\"\" loading=\"lazy\" \/><\/a>\n\t\t\t<\/dt><\/dl><dl class='gallery-item'>\n\t\t\t<dt class='gallery-icon portrait'>\n\t\t\t\t<a href='http:\/\/www.mbfatimska.plock.opoka.org.pl\/wp-content\/uploads\/2019\/10\/20191008_140148c.jpg' rel=\"lightbox[4]\"><img width=\"150\" height=\"150\" src=\"http:\/\/www.mbfatimska.plock.opoka.org.pl\/wp-content\/uploads\/2019\/10\/20191008_140148c-150x150.jpg\" class=\"attachment-thumbnail size-thumbnail\" alt=\"\" loading=\"lazy\" \/><\/a>\n\t\t\t<\/dt><\/dl><dl class='gallery-item'>\n\t\t\t<dt class='gallery-icon portrait'>\n\t\t\t\t<a href='http:\/\/www.mbfatimska.plock.opoka.org.pl\/wp-content\/uploads\/2019\/10\/20191008_140226c.jpg' rel=\"lightbox[4]\"><img width=\"150\" height=\"150\" src=\"http:\/\/www.mbfatimska.plock.opoka.org.pl\/wp-content\/uploads\/2019\/10\/20191008_140226c-150x150.jpg\" class=\"attachment-thumbnail size-thumbnail\" alt=\"\" loading=\"lazy\" \/><\/a>\n\t\t\t<\/dt><\/dl><dl class='gallery-item'>\n\t\t\t<dt class='gallery-icon landscape'>\n\t\t\t\t<a href='http:\/\/www.mbfatimska.plock.opoka.org.pl\/wp-content\/uploads\/2019\/10\/20191008_140231c.jpg' rel=\"lightbox[4]\"><img width=\"150\" height=\"150\" src=\"http:\/\/www.mbfatimska.plock.opoka.org.pl\/wp-content\/uploads\/2019\/10\/20191008_140231c-150x150.jpg\" class=\"attachment-thumbnail size-thumbnail\" alt=\"\" loading=\"lazy\" \/><\/a>\n\t\t\t<\/dt><\/dl><dl class='gallery-item'>\n\t\t\t<dt class='gallery-icon portrait'>\n\t\t\t\t<a href='http:\/\/www.mbfatimska.plock.opoka.org.pl\/wp-content\/uploads\/2019\/10\/20191008_140236c.jpg' rel=\"lightbox[4]\"><img width=\"150\" height=\"150\" src=\"http:\/\/www.mbfatimska.plock.opoka.org.pl\/wp-content\/uploads\/2019\/10\/20191008_140236c-150x150.jpg\" class=\"attachment-thumbnail size-thumbnail\" alt=\"\" loading=\"lazy\" \/><\/a>\n\t\t\t<\/dt><\/dl><dl class='gallery-item'>\n\t\t\t<dt class='gallery-icon portrait'>\n\t\t\t\t<a href='http:\/\/www.mbfatimska.plock.opoka.org.pl\/wp-content\/uploads\/2019\/10\/20191008_144335c.jpg' rel=\"lightbox[4]\"><img width=\"150\" height=\"150\" src=\"http:\/\/www.mbfatimska.plock.opoka.org.pl\/wp-content\/uploads\/2019\/10\/20191008_144335c-150x150.jpg\" class=\"attachment-thumbnail size-thumbnail\" alt=\"\" loading=\"lazy\" \/><\/a>\n\t\t\t<\/dt><\/dl>\n\t\t<\/div>\n\n<p style=\"text-align: justify;\">Sk\u0142adamy serdeczne podzi\u0119kowania panu prezesowi Piotrowi \u015awiecowi. Dzi\u0119kujemy r\u00f3wnie\u017c inicjatorom pomys\u0142u wykonania figury Matki Bo\u017cej Fatimskiej i umieszczenia jej w niszy dzwonnej &#8211; panu prezesowi Mazowieckiej Sp\u00f3\u0142dzielni Mieszkaniowej p. Lechowi Chodkowskiemu, p. Zygmuntowi Krawcowi i Janowi Nyckowi, dokumentuj\u0105cemu ca\u0142e przedsi\u0119wzi\u0119cie na \u0142amach pisma Nasz P\u0142ock.<\/p>\n<p style=\"text-align: justify;\">Uroczyste po\u015bwi\u0119cenie figury Matki Bo\u017cej Fatimskiej, zdobi\u0105cej elewacj\u0119 naszego ko\u015bcio\u0142a, mia\u0142o miejsce podczas Odpustu Parafialnego w dniu 13 pa\u017adziernika 2019r., w drug\u0105 rocznic\u0119 konsekracji ko\u015bcio\u0142a.<\/p>\n<p style=\"text-align: justify;\">Tymczasow\u0105 iluminacj\u0119 postaci zapewni\u0142 p. Marek Mokrowiecki, dyrektor Teatru P\u0142ockiego, wypo\u017cyczaj\u0105c bezinteresownie profesjonalny sprz\u0119t o\u015bwietleniowy:<\/p>\n<div id='gallery-7' class='gallery galleryid-1518 gallery-columns-3 gallery-size-thumbnail'><dl class='gallery-item'>\n\t\t\t<dt class='gallery-icon portrait'>\n\t\t\t\t<a href='http:\/\/www.mbfatimska.plock.opoka.org.pl\/wp-content\/uploads\/2019\/10\/20191013_163815c.jpg' rel=\"lightbox[4]\"><img width=\"150\" height=\"150\" src=\"http:\/\/www.mbfatimska.plock.opoka.org.pl\/wp-content\/uploads\/2019\/10\/20191013_163815c-150x150.jpg\" class=\"attachment-thumbnail size-thumbnail\" alt=\"\" loading=\"lazy\" \/><\/a>\n\t\t\t<\/dt><\/dl><dl class='gallery-item'>\n\t\t\t<dt class='gallery-icon portrait'>\n\t\t\t\t<a href='http:\/\/www.mbfatimska.plock.opoka.org.pl\/wp-content\/uploads\/2019\/10\/20191013_163823c.jpg' rel=\"lightbox[4]\"><img width=\"150\" height=\"150\" src=\"http:\/\/www.mbfatimska.plock.opoka.org.pl\/wp-content\/uploads\/2019\/10\/20191013_163823c-150x150.jpg\" class=\"attachment-thumbnail size-thumbnail\" alt=\"\" loading=\"lazy\" \/><\/a>\n\t\t\t<\/dt><\/dl><dl class='gallery-item'>\n\t\t\t<dt class='gallery-icon portrait'>\n\t\t\t\t<a href='http:\/\/www.mbfatimska.plock.opoka.org.pl\/wp-content\/uploads\/2019\/10\/20191013_163823cc.jpg' rel=\"lightbox[4]\"><img width=\"150\" height=\"150\" src=\"http:\/\/www.mbfatimska.plock.opoka.org.pl\/wp-content\/uploads\/2019\/10\/20191013_163823cc-150x150.jpg\" class=\"attachment-thumbnail size-thumbnail\" alt=\"\" loading=\"lazy\" \/><\/a>\n\t\t\t<\/dt><\/dl><dl class='gallery-item'>\n\t\t\t<dt class='gallery-icon portrait'>\n\t\t\t\t<a href='http:\/\/www.mbfatimska.plock.opoka.org.pl\/wp-content\/uploads\/2019\/10\/20191013_182745c.jpg' rel=\"lightbox[4]\"><img width=\"150\" height=\"150\" src=\"http:\/\/www.mbfatimska.plock.opoka.org.pl\/wp-content\/uploads\/2019\/10\/20191013_182745c-150x150.jpg\" class=\"attachment-thumbnail size-thumbnail\" alt=\"\" loading=\"lazy\" \/><\/a>\n\t\t\t<\/dt><\/dl><dl class='gallery-item'>\n\t\t\t<dt class='gallery-icon portrait'>\n\t\t\t\t<a href='http:\/\/www.mbfatimska.plock.opoka.org.pl\/wp-content\/uploads\/2019\/10\/20191013_182806c.jpg' rel=\"lightbox[4]\"><img width=\"150\" height=\"150\" src=\"http:\/\/www.mbfatimska.plock.opoka.org.pl\/wp-content\/uploads\/2019\/10\/20191013_182806c-150x150.jpg\" class=\"attachment-thumbnail size-thumbnail\" alt=\"\" loading=\"lazy\" \/><\/a>\n\t\t\t<\/dt><\/dl><dl class='gallery-item'>\n\t\t\t<dt class='gallery-icon portrait'>\n\t\t\t\t<a href='http:\/\/www.mbfatimska.plock.opoka.org.pl\/wp-content\/uploads\/2019\/10\/20191013_182823c.jpg' rel=\"lightbox[4]\"><img width=\"150\" height=\"150\" src=\"http:\/\/www.mbfatimska.plock.opoka.org.pl\/wp-content\/uploads\/2019\/10\/20191013_182823c-150x150.jpg\" class=\"attachment-thumbnail size-thumbnail\" alt=\"\" loading=\"lazy\" \/><\/a>\n\t\t\t<\/dt><\/dl><dl class='gallery-item'>\n\t\t\t<dt class='gallery-icon portrait'>\n\t\t\t\t<a href='http:\/\/www.mbfatimska.plock.opoka.org.pl\/wp-content\/uploads\/2019\/10\/20191013_182850c.jpg' rel=\"lightbox[4]\"><img width=\"150\" height=\"150\" src=\"http:\/\/www.mbfatimska.plock.opoka.org.pl\/wp-content\/uploads\/2019\/10\/20191013_182850c-150x150.jpg\" class=\"attachment-thumbnail size-thumbnail\" alt=\"\" loading=\"lazy\" \/><\/a>\n\t\t\t<\/dt><\/dl><dl class='gallery-item'>\n\t\t\t<dt class='gallery-icon landscape'>\n\t\t\t\t<a href='http:\/\/www.mbfatimska.plock.opoka.org.pl\/wp-content\/uploads\/2019\/10\/20191013_182933c.jpg' rel=\"lightbox[4]\"><img width=\"150\" height=\"150\" src=\"http:\/\/www.mbfatimska.plock.opoka.org.pl\/wp-content\/uploads\/2019\/10\/20191013_182933c-150x150.jpg\" class=\"attachment-thumbnail size-thumbnail\" alt=\"\" loading=\"lazy\" \/><\/a>\n\t\t\t<\/dt><\/dl><dl class='gallery-item'>\n\t\t\t<dt class='gallery-icon portrait'>\n\t\t\t\t<a href='http:\/\/www.mbfatimska.plock.opoka.org.pl\/wp-content\/uploads\/2019\/10\/20191013_182941c.jpg' rel=\"lightbox[4]\"><img width=\"150\" height=\"150\" src=\"http:\/\/www.mbfatimska.plock.opoka.org.pl\/wp-content\/uploads\/2019\/10\/20191013_182941c-150x150.jpg\" class=\"attachment-thumbnail size-thumbnail\" alt=\"\" loading=\"lazy\" \/><\/a>\n\t\t\t<\/dt><\/dl>\n\t\t<\/div>\n\n<p style=\"text-align: justify;\">S\u0142owa wielkiego uznania nale\u017c\u0105 si\u0119 p. Tadeuszowi Biniewiczowi. Praca nad granitowym monumentem wymaga, pr\u00f3cz znajomo\u015bci warsztatu, du\u017cej si\u0142y fizycznej. Naszemu arty\u015bcie uda\u0142o si\u0119 nada\u0107 figurze lekko\u015b\u0107, przy tym zadba\u0107 o szczeg\u00f3\u0142y, jak korona i ornamentyka szat.<\/p>\n<p style=\"text-align: justify;\">Dzi\u0119kuj\u0105c, mamy nadziej\u0119, \u017ce nasza Matka Bo\u017ca Fatimska czuwa\u0107 b\u0119dzie nad mieszka\u0144cami osiedla Mi\u0119dzytorze.<\/p>\n<p>Dla wszystkich, kt\u00f3rzy chcieliby wspom\u00f3c finansowo budow\u0119 ko\u015bcio\u0142a, podajemy nr konta bankowego naszej parafii:<\/p>\n<p style=\"text-align: center;\"><span style=\"color: #0000ff;\">Parafia Rzymskokatolicka<\/span><br \/>\n<span style=\"color: #0000ff;\">pw. Matki Bo\u017cej Fatimskiej<\/span><br \/>\n<span style=\"color: #0000ff;\">09-407 P\u0142ock, ul. Gierzy\u0144skiego 29<\/span><br \/>\n<a href=\"https:\/\/www.santander.pl\/\">Santander Bank Polska S.A.<\/a> 21 1090 1333 0000 0000 3302 3118<br \/>\n(Mo\u017cna pobra\u0107 <a href=\"http:\/\/www.mbfatimska.plock.opoka.org.pl\/wp-content\/uploads\/2020\/03\/parafia_druk_wplaty.pdf\">druk wp\u0142aty<\/a>)<\/p>\n<p style=\"text-align: center;\">Foto-wp\u0142ata:<img loading=\"lazy\" class=\"size-full wp-image-1822 aligncenter\" src=\"http:\/\/www.mbfatimska.plock.opoka.org.pl\/wp-content\/uploads\/2020\/03\/parafia_fotowplata.jpg\" alt=\"\" width=\"100\" height=\"96\" \/><\/p>\n","protected":false},"excerpt":{"rendered":"<p>W czasie wizyty Ojca \u015awi\u0119tego Jana Paw\u0142a II w P\u0142ocku &#8211; 7 czerwca 1991 roku zosta\u0142 przez Niego po\u015bwi\u0119cony kamie\u0144 w\u0119gielny pod budow\u0119 ko\u015bcio\u0142a na osiedlu &#8222;Mi\u0119dzytorze&#8221;. Dekret erekcyjny Biskupa P\u0142ockiego rozpocz\u0105\u0142 istnienie parafii Matki Bo\u017cej Fatimskiej w stolicy naszej diecezji. Od tego czasu na naszych oczach tworzy si\u0119 historia nowej wsp\u00f3lnoty parafialnej. DEKRET EREKCYJNY &hellip; <a href=\"http:\/\/www.mbfatimska.plock.opoka.org.pl\/index.php\/historia-parafii\/\" class=\"more-link\">Czytaj dalej<span class=\"screen-reader-text\"> \u201eHistoria parafii\u201d<\/span><\/a><\/p>\n","protected":false},"author":1,"featured_media":0,"parent":0,"menu_order":0,"comment_status":"closed","ping_status":"closed","template":"","meta":[],"_links":{"self":[{"href":"http:\/\/www.mbfatimska.plock.opoka.org.pl\/index.php\/wp-json\/wp\/v2\/pages\/4"}],"collection":[{"href":"http:\/\/www.mbfatimska.plock.opoka.org.pl\/index.php\/wp-json\/wp\/v2\/pages"}],"about":[{"href":"http:\/\/www.mbfatimska.plock.opoka.org.pl\/index.php\/wp-json\/wp\/v2\/types\/page"}],"author":[{"embeddable":true,"href":"http:\/\/www.mbfatimska.plock.opoka.org.pl\/index.php\/wp-json\/wp\/v2\/users\/1"}],"replies":[{"embeddable":true,"href":"http:\/\/www.mbfatimska.plock.opoka.org.pl\/index.php\/wp-json\/wp\/v2\/comments?post=4"}],"version-history":[{"count":46,"href":"http:\/\/www.mbfatimska.plock.opoka.org.pl\/index.php\/wp-json\/wp\/v2\/pages\/4\/revisions"}],"predecessor-version":[{"id":1852,"href":"http:\/\/www.mbfatimska.plock.opoka.org.pl\/index.php\/wp-json\/wp\/v2\/pages\/4\/revisions\/1852"}],"wp:attachment":[{"href":"http:\/\/www.mbfatimska.plock.opoka.org.pl\/index.php\/wp-json\/wp\/v2\/media?parent=4"}],"curies":[{"name":"wp","href":"https:\/\/api.w.org\/{rel}","templated":true}]}}