{"id":2042,"date":"2020-08-09T14:57:44","date_gmt":"2020-08-09T12:57:44","guid":{"rendered":"http:\/\/www.mbfatimska.plock.opoka.org.pl\/?page_id=2042"},"modified":"2024-07-07T21:49:22","modified_gmt":"2024-07-07T19:49:22","slug":"kiosk-parafialny","status":"publish","type":"page","link":"http:\/\/www.mbfatimska.plock.opoka.org.pl\/index.php\/kiosk-parafialny\/","title":{"rendered":"Kiosk Parafialny"},"content":{"rendered":"<p style=\"text-align: justify;\">W kruchcie naszego ko\u015bcio\u0142a funkcjonuje <strong>kiosk parafialny<\/strong>.\u00a0 Czynny jest w ka\u017cd\u0105 niedziel\u0119 po Mszach \u015bwi\u0119tych. Mo\u017cemy nabywa\u0107 w nim pras\u0119 katolick\u0105, warto\u015bciowe ksi\u0105\u017cki i albumy, r\u00f3\u017ca\u0144ce, breloczki ze \u015bw. Krzysztofem &#8211; patronem kierowc\u00f3w, kalendarze i okresowo karty \u015bwi\u0105teczne (Bo\u017ce Narodzenie i Wielkanoc). Jest tak\u017ce zawsze przygotowana woda \u015bwi\u0119cona w ma\u0142ych s\u0142oiczkach. Przed kioskiem ustawiony jest karton, do kt\u00f3rego mo\u017cemy wrzuca\u0107 zebrane plastikowe nakr\u0119tki i zu\u017cyte baterie &#8211; w ramach recyklingu i troski o nasze \u015brodowisko.<\/p>\n<figure id=\"attachment_2043\" aria-describedby=\"caption-attachment-2043\" style=\"width: 300px\" class=\"wp-caption aligncenter\"><a href=\"http:\/\/www.mbfatimska.plock.opoka.org.pl\/wp-content\/uploads\/2020\/08\/20200809_130351c.jpg\" rel=\"lightbox[2042]\"><img loading=\"lazy\" class=\"wp-image-2043 size-medium\" src=\"http:\/\/www.mbfatimska.plock.opoka.org.pl\/wp-content\/uploads\/2020\/08\/20200809_130351c-300x225.jpg\" alt=\"\" width=\"300\" height=\"225\" srcset=\"http:\/\/www.mbfatimska.plock.opoka.org.pl\/wp-content\/uploads\/2020\/08\/20200809_130351c-300x225.jpg 300w, http:\/\/www.mbfatimska.plock.opoka.org.pl\/wp-content\/uploads\/2020\/08\/20200809_130351c.jpg 620w\" sizes=\"(max-width: 300px) 85vw, 300px\" \/><\/a><figcaption id=\"caption-attachment-2043\" class=\"wp-caption-text\">Kiosk Parafialny<\/figcaption><\/figure>\n<p style=\"text-align: center;\"><strong><span style=\"color: #ff0000;\">W kiosku mo\u017cna te\u017c odebra\u0107 rzeczy<\/span><\/strong><br \/>\n<strong><span style=\"color: #ff0000;\">zostawione\/zgubione i odnalezione w naszym ko\u015bciele<\/span><\/strong><br \/>\n<strong><span style=\"color: #ff0000;\"> (np. okulary, czapk\u0119, parasol itp.)<\/span><\/strong><\/p>\n<p>Przed \u015bwi\u0119tami Bo\u017cego Narodzenia w kiosku mo\u017cemy nabywa\u0107 Op\u0142atek i \u015bwiece Caritas na nasz st\u00f3\u0142 wigilijny, a tak\u017ce karty \u015bwi\u0105teczne.<\/p>\n<p>Przed \u015bwi\u0119tami Wielkanocnymi do nabycia s\u0105 Baranki Caritas i karty \u015bwi\u0105teczne.<\/p>\n<p style=\"text-align: justify;\">W kiosku do nabycia s\u0105 <strong>podr\u0119czniki do religii dla dzieci 6-letnich<\/strong> (katecheza w <a href=\"http:\/\/mp5plock.pl\/\">Miejskim Przedszkolu nr 5<\/a>) &#8211; &#8222;Tak! Jezus mnie kocha&#8221; Wydawnictwo Jedno\u015b\u0107, Kielce 2020. Podr\u0119cznik mo\u017cna r\u00f3wnie\u017c zakupi\u0107 w Kancelarii Parafialnej w godzinach urz\u0119dowania lub zam\u00f3wi\u0107 wysy\u0142kowo &#8211; ze strony <a href=\"https:\/\/www.jednosc.com.pl\/katecheza-4\/5311\/124\/katecheza-4-podreczniki-do-nauki-religii\/katecheza-4-podreczniki\/katecheza-4-przedszkole\/katecheza-4-6-latki\/6-latki-tak-jezus-mnie-kocha-podrecznik-do-religii-2\">Wydawnictwa Jedno\u015b\u0107<\/a>.<\/p>\n<figure id=\"attachment_2182\" aria-describedby=\"caption-attachment-2182\" style=\"width: 300px\" class=\"wp-caption aligncenter\"><a href=\"http:\/\/www.mbfatimska.plock.opoka.org.pl\/wp-content\/uploads\/2020\/10\/religia6latki_jednosc.jpg\" rel=\"lightbox[2042]\"><img loading=\"lazy\" class=\"wp-image-2182 size-medium\" src=\"http:\/\/www.mbfatimska.plock.opoka.org.pl\/wp-content\/uploads\/2020\/10\/religia6latki_jednosc-300x225.jpg\" alt=\"\" width=\"300\" height=\"225\" srcset=\"http:\/\/www.mbfatimska.plock.opoka.org.pl\/wp-content\/uploads\/2020\/10\/religia6latki_jednosc-300x225.jpg 300w, http:\/\/www.mbfatimska.plock.opoka.org.pl\/wp-content\/uploads\/2020\/10\/religia6latki_jednosc.jpg 620w\" sizes=\"(max-width: 300px) 85vw, 300px\" \/><\/a><figcaption id=\"caption-attachment-2182\" class=\"wp-caption-text\">Podr\u0119cznik do religii dla dziecka sze\u015bcioletniego<\/figcaption><\/figure>\n<p><strong>Prasa katolicka:<\/strong><\/p>\n<p>&#8211; tygodnik <a href=\"https:\/\/plock.gosc.pl\/\">Go\u015b\u0107 Niedzielny<\/a> edycja p\u0142ocka<\/p>\n<p>&#8211; miesi\u0119cznik dla dzieci <a href=\"https:\/\/www.malygosc.pl\/\">Ma\u0142y Go\u015b\u0107 Niedzielny<\/a><\/p>\n<p>&#8211; miesi\u0119cznik <a href=\"https:\/\/rycerzniepokalanej.pl\/\">Rycerz Niepokalanej<\/a><\/p>\n<p>&#8211; miesi\u0119cznik Losservatore Romano<\/p>\n<p>&#8211; miesi\u0119cznik <a href=\"https:\/\/rozaniec.eu\/\">R\u00f3\u017caniec<\/a><\/p>\n<p>W kiosku mo\u017cna r\u00f3wnie\u017c nabywa\u0107 publikacj\u0119 o dziejach naszej parafii i \u015bwi\u0105tyni, kt\u00f3r\u0105 wydali\u015bmy z okazji\u00a0 30 rocznicy powstania naszej parafii (ofiara dobrowolna).<\/p>\n<figure id=\"attachment_2540\" aria-describedby=\"caption-attachment-2540\" style=\"width: 210px\" class=\"wp-caption aligncenter\"><a href=\"http:\/\/www.mbfatimska.plock.opoka.org.pl\/wp-content\/uploads\/2021\/09\/folder-parafii-600.jpg\" rel=\"lightbox[2042]\"><img loading=\"lazy\" class=\"wp-image-2540 size-medium\" src=\"http:\/\/www.mbfatimska.plock.opoka.org.pl\/wp-content\/uploads\/2021\/09\/folder-parafii-600-210x300.jpg\" alt=\"\" width=\"210\" height=\"300\" srcset=\"http:\/\/www.mbfatimska.plock.opoka.org.pl\/wp-content\/uploads\/2021\/09\/folder-parafii-600-210x300.jpg 210w, http:\/\/www.mbfatimska.plock.opoka.org.pl\/wp-content\/uploads\/2021\/09\/folder-parafii-600.jpg 600w\" sizes=\"(max-width: 210px) 85vw, 210px\" \/><\/a><figcaption id=\"caption-attachment-2540\" class=\"wp-caption-text\">Folder &#8211; informator parafialny (historia parafii i ko\u015bcio\u0142a)<\/figcaption><\/figure>\n","protected":false},"excerpt":{"rendered":"<p>W kruchcie naszego ko\u015bcio\u0142a funkcjonuje kiosk parafialny.\u00a0 Czynny jest w ka\u017cd\u0105 niedziel\u0119 po Mszach \u015bwi\u0119tych. Mo\u017cemy nabywa\u0107 w nim pras\u0119 katolick\u0105, warto\u015bciowe ksi\u0105\u017cki i albumy, r\u00f3\u017ca\u0144ce, breloczki ze \u015bw. Krzysztofem &#8211; patronem kierowc\u00f3w, kalendarze i okresowo karty \u015bwi\u0105teczne (Bo\u017ce Narodzenie i Wielkanoc). Jest tak\u017ce zawsze przygotowana woda \u015bwi\u0119cona w ma\u0142ych s\u0142oiczkach. Przed kioskiem ustawiony jest &hellip; <a href=\"http:\/\/www.mbfatimska.plock.opoka.org.pl\/index.php\/kiosk-parafialny\/\" class=\"more-link\">Czytaj dalej<span class=\"screen-reader-text\"> \u201eKiosk Parafialny\u201d<\/span><\/a><\/p>\n","protected":false},"author":1,"featured_media":0,"parent":0,"menu_order":0,"comment_status":"closed","ping_status":"closed","template":"","meta":[],"_links":{"self":[{"href":"http:\/\/www.mbfatimska.plock.opoka.org.pl\/index.php\/wp-json\/wp\/v2\/pages\/2042"}],"collection":[{"href":"http:\/\/www.mbfatimska.plock.opoka.org.pl\/index.php\/wp-json\/wp\/v2\/pages"}],"about":[{"href":"http:\/\/www.mbfatimska.plock.opoka.org.pl\/index.php\/wp-json\/wp\/v2\/types\/page"}],"author":[{"embeddable":true,"href":"http:\/\/www.mbfatimska.plock.opoka.org.pl\/index.php\/wp-json\/wp\/v2\/users\/1"}],"replies":[{"embeddable":true,"href":"http:\/\/www.mbfatimska.plock.opoka.org.pl\/index.php\/wp-json\/wp\/v2\/comments?post=2042"}],"version-history":[{"count":14,"href":"http:\/\/www.mbfatimska.plock.opoka.org.pl\/index.php\/wp-json\/wp\/v2\/pages\/2042\/revisions"}],"predecessor-version":[{"id":3765,"href":"http:\/\/www.mbfatimska.plock.opoka.org.pl\/index.php\/wp-json\/wp\/v2\/pages\/2042\/revisions\/3765"}],"wp:attachment":[{"href":"http:\/\/www.mbfatimska.plock.opoka.org.pl\/index.php\/wp-json\/wp\/v2\/media?parent=2042"}],"curies":[{"name":"wp","href":"https:\/\/api.w.org\/{rel}","templated":true}]}}